{"version":"1.0","provider_name":"UAH Editions","provider_url":"https:\/\/ediciones.uahurtado.cl\/en","title":"Transiciones educativo-laborales de j\u00f3venes en tiempos de incertidumbre - Ediciones UAH","type":"rich","width":600,"height":338,"html":"<blockquote class=\"wp-embedded-content\" data-secret=\"vPHwDF9Wb2\"><a href=\"https:\/\/ediciones.uahurtado.cl\/en\/producto\/transiciones-educativo-laborales-de-jovenes\/\">Educational-labor transitions of youth in times of uncertainty<\/a><\/blockquote><iframe sandbox=\"allow-scripts\" security=\"restricted\" src=\"https:\/\/ediciones.uahurtado.cl\/en\/producto\/transiciones-educativo-laborales-de-jovenes\/embed\/#?secret=vPHwDF9Wb2\" width=\"600\" height=\"338\" title=\"&#8220;Transiciones educativo-laborales de j\u00f3venes en tiempos de incertidumbre&#8221; &#8212; Ediciones UAH\" data-secret=\"vPHwDF9Wb2\" frameborder=\"0\" marginwidth=\"0\" marginheight=\"0\" scrolling=\"no\" class=\"wp-embedded-content\"><\/iframe><script>\n\/*! This file is auto-generated *\/\n!function(d,l){\"use strict\";l.querySelector&&d.addEventListener&&\"undefined\"!=typeof URL&&(d.wp=d.wp||{},d.wp.receiveEmbedMessage||(d.wp.receiveEmbedMessage=function(e){var t=e.data;if((t||t.secret||t.message||t.value)&&!\/[^a-zA-Z0-9]\/.test(t.secret)){for(var s,r,n,a=l.querySelectorAll('iframe[data-secret=\"'+t.secret+'\"]'),o=l.querySelectorAll('blockquote[data-secret=\"'+t.secret+'\"]'),c=new RegExp(\"^https?:$\",\"i\"),i=0;i<o.length;i++)o[i].style.display=\"none\";for(i=0;i<a.length;i++)s=a[i],e.source===s.contentWindow&&(s.removeAttribute(\"style\"),\"height\"===t.message?(1e3<(r=parseInt(t.value,10))?r=1e3:~~r<200&&(r=200),s.height=r):\"link\"===t.message&&(r=new URL(s.getAttribute(\"src\")),n=new URL(t.value),c.test(n.protocol))&&n.host===r.host&&l.activeElement===s&&(d.top.location.href=t.value))}},d.addEventListener(\"message\",d.wp.receiveEmbedMessage,!1),l.addEventListener(\"DOMContentLoaded\",function(){for(var e,t,s=l.querySelectorAll(\"iframe.wp-embedded-content\"),r=0;r<s.length;r++)(t=(e=s[r]).getAttribute(\"data-secret\"))||(t=Math.random().toString(36).substring(2,12),e.src+=\"#?secret=\"+t,e.setAttribute(\"data-secret\",t)),e.contentWindow.postMessage({message:\"ready\",secret:t},\"*\")},!1)))}(window,document);\n\/\/# sourceURL=https:\/\/ediciones.uahurtado.cl\/wp-includes\/js\/wp-embed.min.js\n<\/script>","thumbnail_url":"https:\/\/ediciones.uahurtado.cl\/wp-content\/uploads\/2022\/10\/Transiciones_educativas_web.jpg","thumbnail_width":400,"thumbnail_height":605,"description":"\u00bfQu\u00e9 impacto est\u00e1 teniendo la masificaci\u00f3n de la educaci\u00f3n superior en la transici\u00f3n a la vida laboral de los j\u00f3venes? \u00bfPor qu\u00e9 estos abandonan cada vez m\u00e1s tard\u00edamente el hogar de sus padres? \u00bfSe vive de igual manera la experiencia de ser joven en la diversidad de nuestras sociedades? El estudio de las trayectorias juveniles y el an\u00e1lisis de los diversos contextos de transici\u00f3n que las nuevas generaciones experimentan en la actualidad, constituye un tema de renovado inter\u00e9s en la investigaci\u00f3n de las ciencias sociales. La extensi\u00f3n de la experiencia educativa y la masificaci\u00f3n de la educaci\u00f3n superior, las profundas transformaciones productivas y su efecto en\u00a0 la organizaci\u00f3n laboral y el acceso al empleo, as\u00ed como los cambios en las relaciones intergeneracionales y los procesos de independencia y autonom\u00eda residencial, constituyen algunos de los campos donde el an\u00e1lisis transicional aporta nuevos antecedentes para la comprensi\u00f3n de la realidad social y la discusi\u00f3n de nuevas perspectivas que orienten el desarrollo de pol\u00edticas funcionales a tales transformaciones."}