{"version":"1.0","provider_name":"UAH Editions","provider_url":"https:\/\/ediciones.uahurtado.cl\/en","title":"Malestar social y desigualdades en Chile - Ediciones UAH","type":"rich","width":600,"height":338,"html":"<blockquote class=\"wp-embedded-content\" data-secret=\"M3tvLO5U88\"><a href=\"https:\/\/ediciones.uahurtado.cl\/en\/producto\/malestar-social-y-desigualdades-en-chile\/\">Social unrest and inequalities in Chile<\/a><\/blockquote><iframe sandbox=\"allow-scripts\" security=\"restricted\" src=\"https:\/\/ediciones.uahurtado.cl\/en\/producto\/malestar-social-y-desigualdades-en-chile\/embed\/#?secret=M3tvLO5U88\" width=\"600\" height=\"338\" title=\"&#8220;Malestar social y desigualdades en Chile&#8221; &#8212; Ediciones UAH\" data-secret=\"M3tvLO5U88\" frameborder=\"0\" marginwidth=\"0\" marginheight=\"0\" scrolling=\"no\" class=\"wp-embedded-content\"><\/iframe><script>\n\/*! This file is auto-generated *\/\n!function(d,l){\"use strict\";l.querySelector&&d.addEventListener&&\"undefined\"!=typeof URL&&(d.wp=d.wp||{},d.wp.receiveEmbedMessage||(d.wp.receiveEmbedMessage=function(e){var t=e.data;if((t||t.secret||t.message||t.value)&&!\/[^a-zA-Z0-9]\/.test(t.secret)){for(var s,r,n,a=l.querySelectorAll('iframe[data-secret=\"'+t.secret+'\"]'),o=l.querySelectorAll('blockquote[data-secret=\"'+t.secret+'\"]'),c=new RegExp(\"^https?:$\",\"i\"),i=0;i<o.length;i++)o[i].style.display=\"none\";for(i=0;i<a.length;i++)s=a[i],e.source===s.contentWindow&&(s.removeAttribute(\"style\"),\"height\"===t.message?(1e3<(r=parseInt(t.value,10))?r=1e3:~~r<200&&(r=200),s.height=r):\"link\"===t.message&&(r=new URL(s.getAttribute(\"src\")),n=new URL(t.value),c.test(n.protocol))&&n.host===r.host&&l.activeElement===s&&(d.top.location.href=t.value))}},d.addEventListener(\"message\",d.wp.receiveEmbedMessage,!1),l.addEventListener(\"DOMContentLoaded\",function(){for(var e,t,s=l.querySelectorAll(\"iframe.wp-embedded-content\"),r=0;r<s.length;r++)(t=(e=s[r]).getAttribute(\"data-secret\"))||(t=Math.random().toString(36).substring(2,12),e.src+=\"#?secret=\"+t,e.setAttribute(\"data-secret\",t)),e.contentWindow.postMessage({message:\"ready\",secret:t},\"*\")},!1)))}(window,document);\n\/\/# sourceURL=https:\/\/ediciones.uahurtado.cl\/wp-includes\/js\/wp-embed.min.js\n<\/script>","thumbnail_url":"https:\/\/ediciones.uahurtado.cl\/wp-content\/uploads\/2022\/06\/Malestar-social-web.jpg","thumbnail_width":400,"thumbnail_height":616,"description":"\u00bfPor qu\u00e9 ha habido tal cantidad de manifestaciones y protestas durante los \u00faltimos a\u00f1os en Chile? \u00bfC\u00f3mo es que temas tan diversos como el transporte, la educaci\u00f3n, la salud, el sistema previsional, los derechos sexuales y reproductivos, la vivienda, la asamblea constituyente, el medio ambiente, etc. han ido suscitado tanta adhesi\u00f3n en la ciudadan\u00eda? \u00bfCu\u00e1les son los focos y causas de este malestar? \u00bfDe qu\u00e9 modo las desigualdades han erosionado los lazos sociales y han cuestionado la legitimidad de las instituciones en el pa\u00eds? Desde los a\u00f1os noventa empezaron a aparecer las primeras publicaciones que daban cuenta no solo del malestar social en el Chile contempor\u00e1neo, sino que adem\u00e1s retrataban con nitidez la crisis de una ideolog\u00eda del progreso cuya propuesta lineal, ascendente y evolutiva del tiempo develaba \u2013impotente\u2013 la magnitud y profundidad de desigualdades sociales que han persistido y a la vez mutado."}