{"id":25139,"date":"2026-08-13T10:19:53","date_gmt":"2026-08-13T14:19:53","guid":{"rendered":"https:\/\/ediciones.uahurtado.cl\/?post_type=product&#038;p=25139"},"modified":"2026-09-03T14:26:26","modified_gmt":"2026-09-03T18:26:26","slug":"social-cartography-of-chile-2025","status":"publish","type":"product","link":"https:\/\/ediciones.uahurtado.cl\/en\/producto\/cartografia-social-de-chile-2025\/","title":{"rendered":"Social Cartography of Chile, 2025"},"content":{"rendered":"<p>Ivory paper<br \/>\nRustic cover<br \/>\nMeasures 23 x 15 cm.<br \/>\nInterior Between.<\/p>\n<p><strong>Authors<\/strong><\/p>\n<p>Mayte Acosta, Carol Bown, Carlos Bresciani, Alicia C\u00e1rdenas, Jorge Castillo Tabilo, Claudia Concha, Sof\u00eda Co\u00f1a, Sof\u00eda Eguiguren Stamm, Felipe Exp\u00f3sito Reyes, Manuel Fuenzalida, Karina G\u00f3mez G\u00e1lvez, Carola Gana, Juan Pablo Gonz\u00e1lez, Ignacio Irarr\u00e1zaval, Javiera Moncada, Mauricio Morales, Nicol\u00e1s Pedemonte Rojas, Jaime Portales, Camila Rasse, Benjam\u00edn S\u00e1nchez Cobo, Tom\u00e1s Vodanovic<\/p>\n<p><strong>Participating organizations<\/strong><\/p>\n<p>Hogar de Cristo; Techo-Chile; S\u00famate Foundation; Centro Vives UAH; Lican Foundation, Tir\u00faa; Jesuit Migrant Service; Fondo Esperanza<\/p>\n<p><span style=\"color: #ff9900;\"><strong><a style=\"color: #ff9900;\" href=\"https:\/\/ediciones.uahurtado.cl\/wp-content\/uploads\/Columna-Cartografias-Revista-Mensaje.pdf\">By Nicol\u00e1s Pedemonte | Revista Mensaje<\/a><\/strong><\/span><\/p>","protected":false},"excerpt":{"rendered":"<p>Social Cartography of Chile is an annual collection that seeks to produce situated knowledge about the country's social reality based on the experience and reflection of civil society organizations. Its commitment is to articulate the knowledge that emerges from territorial work with conceptual categories capable of reading that reality with greater depth and building bridges toward the design of public policies. This second issue takes up the concern for margins and inequalities from the first volume, but shifts its gaze toward a dimension that is more difficult to measure and intervene in: social cohesion and coexistence. Exclusion also operates within formally integrated communities, and the precariousness of their bonds constitutes a central dimension of contemporary poverty.<\/p>","protected":false},"featured_media":25140,"template":"","meta":{"_acf_changed":false},"product_brand":[],"product_cat":[166],"product_tag":[1300,1301,1299,301,187],"class_list":["post-25139","product","type-product","status-publish","has-post-thumbnail","product_cat-libros-del-entrevero","product_tag-alcaldias","product_tag-cohesion-social","product_tag-convivencia","product_tag-desigualdad","product_tag-pobreza","first","instock","downloadable","shipping-taxable","purchasable","product-type-simple"],"acf":[],"yoast_head":"<!-- This site is optimized with the Yoast SEO plugin v28.3 - https:\/\/yoast.com\/product\/yoast-seo-wordpress\/ -->\n<title>Cartograf\u00eda social de Chile, 2025 - Ediciones UAH<\/title>\n<meta name=\"robots\" content=\"index, follow, max-snippet:-1, max-image-preview:large, max-video-preview:-1\" \/>\n<link rel=\"canonical\" href=\"https:\/\/ediciones.uahurtado.cl\/en\/product\/social-cartography-of-chile-2025\/\" \/>\n<meta property=\"og:locale\" content=\"en_US\" \/>\n<meta property=\"og:type\" content=\"article\" \/>\n<meta property=\"og:title\" content=\"Cartograf\u00eda social de Chile, 2025 - Ediciones UAH\" \/>\n<meta property=\"og:description\" content=\"Cartograf\u00eda Social de Chile es una colecci\u00f3n anual que busca producir conocimiento situado sobre la realidad social del pa\u00eds a partir de la experiencia y la reflexi\u00f3n de organizaciones de la sociedad civil. Su apuesta es articular el saber que emerge del trabajo territorial con categor\u00edas conceptuales capaces de leer esa realidad con mayor profundidad y de abrir puentes hacia el dise\u00f1o de pol\u00edticas p\u00fablicas. Este segundo n\u00famero retoma la preocupaci\u00f3n por los m\u00e1rgenes y las desigualdades del primer tomo, pero desplaza la mirada hacia una dimensi\u00f3n m\u00e1s dif\u00edcil de medir y de intervenir: la cohesi\u00f3n social y la convivencia. La exclusi\u00f3n tambi\u00e9n opera dentro de comunidades formalmente integradas y la precariedad de sus v\u00ednculos constituye una dimensi\u00f3n central de la pobreza contempor\u00e1nea.\" \/>\n<meta property=\"og:url\" content=\"https:\/\/ediciones.uahurtado.cl\/en\/product\/social-cartography-of-chile-2025\/\" \/>\n<meta property=\"og:site_name\" content=\"Ediciones UAH\" \/>\n<meta property=\"article:publisher\" content=\"https:\/\/www.facebook.com\/edicionesuah?_rdc=2&amp;_rdr\" \/>\n<meta property=\"article:modified_time\" content=\"2026-09-03T18:26:26+00:00\" \/>\n<meta property=\"og:image\" content=\"https:\/\/ediciones.uahurtado.cl\/wp-content\/uploads\/cartografia-social-2025-baja.jpg\" \/>\n\t<meta property=\"og:image:width\" content=\"600\" \/>\n\t<meta property=\"og:image:height\" content=\"927\" \/>\n\t<meta property=\"og:image:type\" content=\"image\/jpeg\" \/>\n<meta name=\"twitter:card\" content=\"summary_large_image\" \/>\n<meta name=\"twitter:label1\" content=\"Est. reading time\" \/>\n\t<meta name=\"twitter:data1\" content=\"1 minute\" \/>\n<script type=\"application\/ld+json\" class=\"yoast-schema-graph\">{\"@context\":\"https:\\\/\\\/schema.org\",\"@graph\":[{\"@type\":\"WebPage\",\"@id\":\"https:\\\/\\\/ediciones.uahurtado.cl\\\/producto\\\/cartografia-social-de-chile-2025\\\/\",\"url\":\"https:\\\/\\\/ediciones.uahurtado.cl\\\/producto\\\/cartografia-social-de-chile-2025\\\/\",\"name\":\"Cartograf\u00eda social de Chile, 2025 - Ediciones UAH\",\"isPartOf\":{\"@id\":\"https:\\\/\\\/ediciones.uahurtado.cl\\\/#website\"},\"primaryImageOfPage\":{\"@id\":\"https:\\\/\\\/ediciones.uahurtado.cl\\\/producto\\\/cartografia-social-de-chile-2025\\\/#primaryimage\"},\"image\":{\"@id\":\"https:\\\/\\\/ediciones.uahurtado.cl\\\/producto\\\/cartografia-social-de-chile-2025\\\/#primaryimage\"},\"thumbnailUrl\":\"https:\\\/\\\/ediciones.uahurtado.cl\\\/wp-content\\\/uploads\\\/cartografia-social-2025-baja.jpg\",\"datePublished\":\"2026-08-13T14:19:53+00:00\",\"dateModified\":\"2026-09-03T18:26:26+00:00\",\"breadcrumb\":{\"@id\":\"https:\\\/\\\/ediciones.uahurtado.cl\\\/producto\\\/cartografia-social-de-chile-2025\\\/#breadcrumb\"},\"inLanguage\":\"en-US\",\"potentialAction\":[{\"@type\":\"ReadAction\",\"target\":[\"https:\\\/\\\/ediciones.uahurtado.cl\\\/producto\\\/cartografia-social-de-chile-2025\\\/\"]}]},{\"@type\":\"ImageObject\",\"inLanguage\":\"en-US\",\"@id\":\"https:\\\/\\\/ediciones.uahurtado.cl\\\/producto\\\/cartografia-social-de-chile-2025\\\/#primaryimage\",\"url\":\"https:\\\/\\\/ediciones.uahurtado.cl\\\/wp-content\\\/uploads\\\/cartografia-social-2025-baja.jpg\",\"contentUrl\":\"https:\\\/\\\/ediciones.uahurtado.cl\\\/wp-content\\\/uploads\\\/cartografia-social-2025-baja.jpg\",\"width\":600,\"height\":927,\"caption\":\"cartografi\u0301a social 2025 baja\"},{\"@type\":\"BreadcrumbList\",\"@id\":\"https:\\\/\\\/ediciones.uahurtado.cl\\\/producto\\\/cartografia-social-de-chile-2025\\\/#breadcrumb\",\"itemListElement\":[{\"@type\":\"ListItem\",\"position\":1,\"name\":\"Portada\",\"item\":\"https:\\\/\\\/ediciones.uahurtado.cl\\\/\"},{\"@type\":\"ListItem\",\"position\":2,\"name\":\"Tienda Online\",\"item\":\"https:\\\/\\\/ediciones.uahurtado.cl\\\/tiendaonline\\\/\"},{\"@type\":\"ListItem\",\"position\":3,\"name\":\"Cartograf\u00eda social de Chile, 2025\"}]},{\"@type\":\"WebSite\",\"@id\":\"https:\\\/\\\/ediciones.uahurtado.cl\\\/#website\",\"url\":\"https:\\\/\\\/ediciones.uahurtado.cl\\\/\",\"name\":\"Ediciones UAH\",\"description\":\"Universidad Alberto Hurtado\",\"publisher\":{\"@id\":\"https:\\\/\\\/ediciones.uahurtado.cl\\\/#organization\"},\"potentialAction\":[{\"@type\":\"SearchAction\",\"target\":{\"@type\":\"EntryPoint\",\"urlTemplate\":\"https:\\\/\\\/ediciones.uahurtado.cl\\\/?s={search_term_string}\"},\"query-input\":{\"@type\":\"PropertyValueSpecification\",\"valueRequired\":true,\"valueName\":\"search_term_string\"}}],\"inLanguage\":\"en-US\"},{\"@type\":\"Organization\",\"@id\":\"https:\\\/\\\/ediciones.uahurtado.cl\\\/#organization\",\"name\":\"Ediciones UAH\",\"url\":\"https:\\\/\\\/ediciones.uahurtado.cl\\\/\",\"logo\":{\"@type\":\"ImageObject\",\"inLanguage\":\"en-US\",\"@id\":\"https:\\\/\\\/ediciones.uahurtado.cl\\\/#\\\/schema\\\/logo\\\/image\\\/\",\"url\":\"https:\\\/\\\/ediciones.uahurtado.cl\\\/wp-content\\\/uploads\\\/2022\\\/06\\\/logo-ediciones-UAH.png\",\"contentUrl\":\"https:\\\/\\\/ediciones.uahurtado.cl\\\/wp-content\\\/uploads\\\/2022\\\/06\\\/logo-ediciones-UAH.png\",\"width\":584,\"height\":128,\"caption\":\"Ediciones UAH\"},\"image\":{\"@id\":\"https:\\\/\\\/ediciones.uahurtado.cl\\\/#\\\/schema\\\/logo\\\/image\\\/\"},\"sameAs\":[\"https:\\\/\\\/www.facebook.com\\\/edicionesuah?_rdc=2&_rdr\"]}]}<\/script>\n<!-- \/ Yoast SEO plugin. -->","yoast_head_json":{"title":"Social Cartography of Chile, 2025 - UAH Editions","robots":{"index":"index","follow":"follow","max-snippet":"max-snippet:-1","max-image-preview":"max-image-preview:large","max-video-preview":"max-video-preview:-1"},"canonical":"https:\/\/ediciones.uahurtado.cl\/en\/product\/social-cartography-of-chile-2025\/","og_locale":"en_US","og_type":"article","og_title":"Cartograf\u00eda social de Chile, 2025 - Ediciones UAH","og_description":"Cartograf\u00eda Social de Chile es una colecci\u00f3n anual que busca producir conocimiento situado sobre la realidad social del pa\u00eds a partir de la experiencia y la reflexi\u00f3n de organizaciones de la sociedad civil. Su apuesta es articular el saber que emerge del trabajo territorial con categor\u00edas conceptuales capaces de leer esa realidad con mayor profundidad y de abrir puentes hacia el dise\u00f1o de pol\u00edticas p\u00fablicas. Este segundo n\u00famero retoma la preocupaci\u00f3n por los m\u00e1rgenes y las desigualdades del primer tomo, pero desplaza la mirada hacia una dimensi\u00f3n m\u00e1s dif\u00edcil de medir y de intervenir: la cohesi\u00f3n social y la convivencia. La exclusi\u00f3n tambi\u00e9n opera dentro de comunidades formalmente integradas y la precariedad de sus v\u00ednculos constituye una dimensi\u00f3n central de la pobreza contempor\u00e1nea.","og_url":"https:\/\/ediciones.uahurtado.cl\/en\/product\/social-cartography-of-chile-2025\/","og_site_name":"Ediciones UAH","article_publisher":"https:\/\/www.facebook.com\/edicionesuah?_rdc=2&_rdr","article_modified_time":"2026-09-03T18:26:26+00:00","og_image":[{"width":600,"height":927,"url":"https:\/\/ediciones.uahurtado.cl\/wp-content\/uploads\/cartografia-social-2025-baja.jpg","type":"image\/jpeg"}],"twitter_card":"summary_large_image","twitter_misc":{"Est. reading time":"1 minute"},"schema":{"@context":"https:\/\/schema.org","@graph":[{"@type":"WebPage","@id":"https:\/\/ediciones.uahurtado.cl\/producto\/cartografia-social-de-chile-2025\/","url":"https:\/\/ediciones.uahurtado.cl\/producto\/cartografia-social-de-chile-2025\/","name":"Social Cartography of Chile, 2025 - UAH Editions","isPartOf":{"@id":"https:\/\/ediciones.uahurtado.cl\/#website"},"primaryImageOfPage":{"@id":"https:\/\/ediciones.uahurtado.cl\/producto\/cartografia-social-de-chile-2025\/#primaryimage"},"image":{"@id":"https:\/\/ediciones.uahurtado.cl\/producto\/cartografia-social-de-chile-2025\/#primaryimage"},"thumbnailUrl":"https:\/\/ediciones.uahurtado.cl\/wp-content\/uploads\/cartografia-social-2025-baja.jpg","datePublished":"2026-08-13T14:19:53+00:00","dateModified":"2026-09-03T18:26:26+00:00","breadcrumb":{"@id":"https:\/\/ediciones.uahurtado.cl\/producto\/cartografia-social-de-chile-2025\/#breadcrumb"},"inLanguage":"en-US","potentialAction":[{"@type":"ReadAction","target":["https:\/\/ediciones.uahurtado.cl\/producto\/cartografia-social-de-chile-2025\/"]}]},{"@type":"ImageObject","inLanguage":"en-US","@id":"https:\/\/ediciones.uahurtado.cl\/producto\/cartografia-social-de-chile-2025\/#primaryimage","url":"https:\/\/ediciones.uahurtado.cl\/wp-content\/uploads\/cartografia-social-2025-baja.jpg","contentUrl":"https:\/\/ediciones.uahurtado.cl\/wp-content\/uploads\/cartografia-social-2025-baja.jpg","width":600,"height":927,"caption":"cartografi\u0301a social 2025 baja"},{"@type":"BreadcrumbList","@id":"https:\/\/ediciones.uahurtado.cl\/producto\/cartografia-social-de-chile-2025\/#breadcrumb","itemListElement":[{"@type":"ListItem","position":1,"name":"Portada","item":"https:\/\/ediciones.uahurtado.cl\/"},{"@type":"ListItem","position":2,"name":"Tienda Online","item":"https:\/\/ediciones.uahurtado.cl\/tiendaonline\/"},{"@type":"ListItem","position":3,"name":"Cartograf\u00eda social de Chile, 2025"}]},{"@type":"WebSite","@id":"https:\/\/ediciones.uahurtado.cl\/#website","url":"https:\/\/ediciones.uahurtado.cl\/","name":"UAH Editions","description":"Alberto Hurtado University","publisher":{"@id":"https:\/\/ediciones.uahurtado.cl\/#organization"},"potentialAction":[{"@type":"SearchAction","target":{"@type":"EntryPoint","urlTemplate":"https:\/\/ediciones.uahurtado.cl\/?s={search_term_string}"},"query-input":{"@type":"PropertyValueSpecification","valueRequired":true,"valueName":"search_term_string"}}],"inLanguage":"en-US"},{"@type":"Organization","@id":"https:\/\/ediciones.uahurtado.cl\/#organization","name":"UAH Editions","url":"https:\/\/ediciones.uahurtado.cl\/","logo":{"@type":"ImageObject","inLanguage":"en-US","@id":"https:\/\/ediciones.uahurtado.cl\/#\/schema\/logo\/image\/","url":"https:\/\/ediciones.uahurtado.cl\/wp-content\/uploads\/2022\/06\/logo-ediciones-UAH.png","contentUrl":"https:\/\/ediciones.uahurtado.cl\/wp-content\/uploads\/2022\/06\/logo-ediciones-UAH.png","width":584,"height":128,"caption":"Ediciones UAH"},"image":{"@id":"https:\/\/ediciones.uahurtado.cl\/#\/schema\/logo\/image\/"},"sameAs":["https:\/\/www.facebook.com\/edicionesuah?_rdc=2&_rdr"]}]}},"_links":{"self":[{"href":"https:\/\/ediciones.uahurtado.cl\/en\/wp-json\/wp\/v2\/product\/25139","targetHints":{"allow":["GET"]}}],"collection":[{"href":"https:\/\/ediciones.uahurtado.cl\/en\/wp-json\/wp\/v2\/product"}],"about":[{"href":"https:\/\/ediciones.uahurtado.cl\/en\/wp-json\/wp\/v2\/types\/product"}],"wp:featuredmedia":[{"embeddable":true,"href":"https:\/\/ediciones.uahurtado.cl\/en\/wp-json\/wp\/v2\/media\/25140"}],"wp:attachment":[{"href":"https:\/\/ediciones.uahurtado.cl\/en\/wp-json\/wp\/v2\/media?parent=25139"}],"wp:term":[{"taxonomy":"product_brand","embeddable":true,"href":"https:\/\/ediciones.uahurtado.cl\/en\/wp-json\/wp\/v2\/product_brand?post=25139"},{"taxonomy":"product_cat","embeddable":true,"href":"https:\/\/ediciones.uahurtado.cl\/en\/wp-json\/wp\/v2\/product_cat?post=25139"},{"taxonomy":"product_tag","embeddable":true,"href":"https:\/\/ediciones.uahurtado.cl\/en\/wp-json\/wp\/v2\/product_tag?post=25139"}],"curies":[{"name":"wp","href":"https:\/\/api.w.org\/{rel}","templated":true}]}}